{"version":"1.0","provider_name":"Centre de formation France terre d&#039;asile","provider_url":"https:\/\/formation.france-terre-asile.org\/accueil-2","title":"Point sur vos formations - Centre de formation France terre d&#039;asile","type":"rich","width":600,"height":338,"html":"<blockquote class=\"wp-embedded-content\" data-secret=\"DILDeCTUp8\"><a href=\"https:\/\/formation.france-terre-asile.org\/accueil-2\/point-sur-vos-formations\/\">Point sur vos formations<\/a><\/blockquote><iframe sandbox=\"allow-scripts\" security=\"restricted\" src=\"https:\/\/formation.france-terre-asile.org\/accueil-2\/point-sur-vos-formations\/embed\/#?secret=DILDeCTUp8\" width=\"600\" height=\"338\" title=\"\u00ab\u00a0Point sur vos formations\u00a0\u00bb &#8212; Centre de formation France terre d&#039;asile\" data-secret=\"DILDeCTUp8\" frameborder=\"0\" marginwidth=\"0\" marginheight=\"0\" scrolling=\"no\" class=\"wp-embedded-content\"><\/iframe><script type=\"text\/javascript\">\n\/* <![CDATA[ *\/\n\/*! This file is auto-generated *\/\n!function(d,l){\"use strict\";l.querySelector&&d.addEventListener&&\"undefined\"!=typeof URL&&(d.wp=d.wp||{},d.wp.receiveEmbedMessage||(d.wp.receiveEmbedMessage=function(e){var t=e.data;if((t||t.secret||t.message||t.value)&&!\/[^a-zA-Z0-9]\/.test(t.secret)){for(var s,r,n,a=l.querySelectorAll('iframe[data-secret=\"'+t.secret+'\"]'),o=l.querySelectorAll('blockquote[data-secret=\"'+t.secret+'\"]'),c=new RegExp(\"^https?:$\",\"i\"),i=0;i<o.length;i++)o[i].style.display=\"none\";for(i=0;i<a.length;i++)s=a[i],e.source===s.contentWindow&&(s.removeAttribute(\"style\"),\"height\"===t.message?(1e3<(r=parseInt(t.value,10))?r=1e3:~~r<200&&(r=200),s.height=r):\"link\"===t.message&&(r=new URL(s.getAttribute(\"src\")),n=new URL(t.value),c.test(n.protocol))&&n.host===r.host&&l.activeElement===s&&(d.top.location.href=t.value))}},d.addEventListener(\"message\",d.wp.receiveEmbedMessage,!1),l.addEventListener(\"DOMContentLoaded\",function(){for(var e,t,s=l.querySelectorAll(\"iframe.wp-embedded-content\"),r=0;r<s.length;r++)(t=(e=s[r]).getAttribute(\"data-secret\"))||(t=Math.random().toString(36).substring(2,12),e.src+=\"#?secret=\"+t,e.setAttribute(\"data-secret\",t)),e.contentWindow.postMessage({message:\"ready\",secret:t},\"*\")},!1)))}(window,document);\n\/\/# sourceURL=https:\/\/formation.france-terre-asile.org\/wp-includes\/js\/wp-embed.min.js\n\/* ]]> *\/\n<\/script>\n","thumbnail_url":"https:\/\/formation.france-terre-asile.org\/wp-content\/uploads\/2021\/06\/IMG-1745-min-1-scaled.jpg","thumbnail_width":2560,"thumbnail_height":1920,"description":"Point sur vos formations Bonjour \u00e0 tous ! Le 19 et 20 avril prochain se tiendra la formation \u00ab\u00a0Les fondamentaux du droit des \u00e9trangers\u00a0\u00bb. D\u00fb au grand int\u00e9r\u00eat que vous avez pour cette formation nous affichons d\u00e9j\u00e0 complet, et ne prenons donc plus d&rsquo;inscriptions pour cette session. Nous serons n\u00e9anmoins tr\u00e8s heureux de vous accueillir [&hellip;]"}