{"id":5333,"date":"2025-02-13T01:55:27","date_gmt":"2025-02-13T00:55:27","guid":{"rendered":"https:\/\/formation.france-terre-asile.org\/accueil-2\/?page_id=5333"},"modified":"2025-02-25T02:07:22","modified_gmt":"2025-02-25T01:07:22","slug":"accompagner-le-public-lgbtqi","status":"publish","type":"page","link":"https:\/\/formation.france-terre-asile.org\/accueil-2\/nos-formations\/accompagner-le-public-lgbtqi\/","title":{"rendered":"Accompagner le public LGBTQI+"},"content":{"rendered":"<p>[et_pb_section fb_built=\u00a0\u00bb1&Prime; _builder_version=\u00a0\u00bb4.27.4&Prime; _module_preset=\u00a0\u00bbdefault\u00a0\u00bb z_index=\u00a0\u00bb0&Prime; custom_padding=\u00a0\u00bb0px|0px|0px|0px|true|true\u00a0\u00bb sticky_position=\u00a0\u00bbtop\u00a0\u00bb global_colors_info=\u00a0\u00bb{}\u00a0\u00bb][et_pb_row _builder_version=\u00a0\u00bb4.27.4&Prime; _module_preset=\u00a0\u00bbdefault\u00a0\u00bb width=\u00a0\u00bb100%\u00a0\u00bb max_width=\u00a0\u00bb100%\u00a0\u00bb custom_padding=\u00a0\u00bb10px|10px|10px|10px|true|true\u00a0\u00bb custom_css_free_form=\u00a0\u00bb.ariane{||  display: flex;||  justify-content: flex-start;||}\u00a0\u00bb border_width_bottom=\u00a0\u00bb1px\u00a0\u00bb border_color_bottom=\u00a0\u00bb#9ea1bd\u00a0\u00bb global_colors_info=\u00a0\u00bb{}\u00a0\u00bb][et_pb_column type=\u00a0\u00bb4_4&Prime; _builder_version=\u00a0\u00bb4.27.4&Prime; _module_preset=\u00a0\u00bbdefault\u00a0\u00bb global_colors_info=\u00a0\u00bb{}\u00a0\u00bb][et_pb_text module_class=\u00a0\u00bbariane\u00a0\u00bb _builder_version=\u00a0\u00bb4.27.4&Prime; _module_preset=\u00a0\u00bbdefault\u00a0\u00bb text_font=\u00a0\u00bbInter|500|||||||\u00a0\u00bb text_text_color=\u00a0\u00bb#9ea1bd\u00a0\u00bb text_font_size=\u00a0\u00bb16px\u00a0\u00bb z_index=\u00a0\u00bb-1&Prime; link_option_url=\u00a0\u00bbhttps:\/\/formation.france-terre-asile.org\/accueil-2\/nos-formations\/\u00a0\u00bb custom_css_main_element=\u00a0\u00bbtext-decoration: none;\u00a0\u00bb global_colors_info=\u00a0\u00bb{}\u00a0\u00bb]<\/p>\n<p>\u2190 Retour au catalogue<\/p>\n<p>[\/et_pb_text][\/et_pb_column][\/et_pb_row][\/et_pb_section][et_pb_section fb_built=\u00a0\u00bb1&Prime; custom_padding_last_edited=\u00a0\u00bbon|tablet\u00a0\u00bb _builder_version=\u00a0\u00bb4.27.4&Prime; _module_preset=\u00a0\u00bbdefault\u00a0\u00bb custom_padding=\u00a0\u00bb|200px||200px|false|true\u00a0\u00bb custom_padding_tablet=\u00a0\u00bb|1px||1px|false|true\u00a0\u00bb custom_padding_phone=\u00a0\u00bb|0px||0px|false|true\u00a0\u00bb global_colors_info=\u00a0\u00bb{}\u00a0\u00bb][et_pb_row _builder_version=\u00a0\u00bb4.27.4&Prime; _module_preset=\u00a0\u00bbdefault\u00a0\u00bb custom_css_free_form=\u00a0\u00bb.metadata-formation{||  display: inline-block;||}\u00a0\u00bb global_colors_info=\u00a0\u00bb{}\u00a0\u00bb][et_pb_column type=\u00a0\u00bb4_4&Prime; _builder_version=\u00a0\u00bb4.27.4&Prime; _module_preset=\u00a0\u00bbdefault\u00a0\u00bb global_colors_info=\u00a0\u00bb{}\u00a0\u00bb][et_pb_image src=\u00a0\u00bbhttps:\/\/formation.france-terre-asile.org\/wp-content\/uploads\/2025\/02\/PHOTO-2025-01-31-20-23-40_6.jpg\u00a0\u00bb title_text=\u00a0\u00bbPHOTO-2025-01-31-20-23-40_6&Prime; module_class=\u00a0\u00bbmetadata-formation\u00a0\u00bb _builder_version=\u00a0\u00bb4.27.4&Prime; _module_preset=\u00a0\u00bbdefault\u00a0\u00bb max_width=\u00a0\u00bb41%\u00a0\u00bb max_width_tablet=\u00a0\u00bb30%\u00a0\u00bb max_width_phone=\u00a0\u00bb90%\u00a0\u00bb max_width_last_edited=\u00a0\u00bbon|phone\u00a0\u00bb custom_margin=\u00a0\u00bb|10px|||false|false\u00a0\u00bb global_colors_info=\u00a0\u00bb{}\u00a0\u00bb][\/et_pb_image][et_pb_image src=\u00a0\u00bbhttps:\/\/formation.france-terre-asile.org\/wp-content\/uploads\/2025\/02\/PHOTO-2025-01-31-20-23-40_4.jpg\u00a0\u00bb title_text=\u00a0\u00bbPHOTO-2025-01-31-20-23-40_4&Prime; disabled_on=\u00a0\u00bbon|on|on\u00a0\u00bb module_class=\u00a0\u00bbmetadata-formation\u00a0\u00bb _builder_version=\u00a0\u00bb4.27.4&Prime; _module_preset=\u00a0\u00bbdefault\u00a0\u00bb max_width=\u00a0\u00bb15%\u00a0\u00bb max_width_tablet=\u00a0\u00bb15%\u00a0\u00bb max_width_phone=\u00a0\u00bb35%\u00a0\u00bb max_width_last_edited=\u00a0\u00bbon|phone\u00a0\u00bb custom_margin=\u00a0\u00bb|10px|||false|false\u00a0\u00bb disabled=\u00a0\u00bbon\u00a0\u00bb global_colors_info=\u00a0\u00bb{}\u00a0\u00bb][\/et_pb_image][et_pb_image src=\u00a0\u00bbhttps:\/\/formation.france-terre-asile.org\/wp-content\/uploads\/2025\/02\/unnamed.jpg\u00a0\u00bb title_text=\u00a0\u00bbunnamed\u00a0\u00bb disabled_on=\u00a0\u00bbon|on|on\u00a0\u00bb module_class=\u00a0\u00bbmetadata-formation\u00a0\u00bb _builder_version=\u00a0\u00bb4.27.4&Prime; _module_preset=\u00a0\u00bbdefault\u00a0\u00bb max_width=\u00a0\u00bb15%\u00a0\u00bb max_width_tablet=\u00a0\u00bb15%\u00a0\u00bb max_width_phone=\u00a0\u00bb35%\u00a0\u00bb max_width_last_edited=\u00a0\u00bbon|phone\u00a0\u00bb disabled=\u00a0\u00bbon\u00a0\u00bb global_colors_info=\u00a0\u00bb{}\u00a0\u00bb][\/et_pb_image][\/et_pb_column][\/et_pb_row][et_pb_row _builder_version=\u00a0\u00bb4.27.4&Prime; _module_preset=\u00a0\u00bbdefault\u00a0\u00bb global_colors_info=\u00a0\u00bb{}\u00a0\u00bb][et_pb_column type=\u00a0\u00bb4_4&Prime; _builder_version=\u00a0\u00bb4.27.4&Prime; _module_preset=\u00a0\u00bbdefault\u00a0\u00bb global_colors_info=\u00a0\u00bb{}\u00a0\u00bb][et_pb_text _builder_version=\u00a0\u00bb4.27.4&Prime; _module_preset=\u00a0\u00bbdefault\u00a0\u00bb header_font=\u00a0\u00bbInter|800|||||||\u00a0\u00bb header_text_color=\u00a0\u00bbrgba(14,16,43,0.8)\u00a0\u00bb header_font_size=\u00a0\u00bb48px\u00a0\u00bb header_font_size_tablet=\u00a0\u00bb48px\u00a0\u00bb header_font_size_phone=\u00a0\u00bb30px\u00a0\u00bb header_font_size_last_edited=\u00a0\u00bbon|phone\u00a0\u00bb global_colors_info=\u00a0\u00bb{}\u00a0\u00bb]<\/p>\n<h1>Accompagner le public LGBTQI+<\/h1>\n<p>[\/et_pb_text][\/et_pb_column][\/et_pb_row][et_pb_row column_structure=\u00a0\u00bb1_4,1_4,1_4,1_4&Prime; disabled_on=\u00a0\u00bbon|on|on\u00a0\u00bb _builder_version=\u00a0\u00bb4.27.4&Prime; _module_preset=\u00a0\u00bbdefault\u00a0\u00bb disabled=\u00a0\u00bbon\u00a0\u00bb global_colors_info=\u00a0\u00bb{}\u00a0\u00bb][et_pb_column type=\u00a0\u00bb1_4&Prime; _builder_version=\u00a0\u00bb4.27.4&Prime; _module_preset=\u00a0\u00bbdefault\u00a0\u00bb custom_css_main_element=\u00a0\u00bbmargin-right: 0px !important;||width: 25% !important;\u00a0\u00bb global_colors_info=\u00a0\u00bb{}\u00a0\u00bb][et_pb_text _builder_version=\u00a0\u00bb4.27.4&Prime; _module_preset=\u00a0\u00bbdefault\u00a0\u00bb text_font=\u00a0\u00bbInter|500|||||||\u00a0\u00bb text_text_color=\u00a0\u00bb#9ea1bd\u00a0\u00bb text_font_size=\u00a0\u00bb16px\u00a0\u00bb custom_margin=\u00a0\u00bb||10px||false|false\u00a0\u00bb global_colors_info=\u00a0\u00bb{}\u00a0\u00bb]<\/p>\n<p>En pr\u00e9sentiel<\/p>\n<p>[\/et_pb_text][et_pb_divider color=\u00a0\u00bb#9ea1bd\u00a0\u00bb divider_weight=\u00a0\u00bb1px\u00a0\u00bb _builder_version=\u00a0\u00bb4.27.4&Prime; _module_preset=\u00a0\u00bbdefault\u00a0\u00bb width=\u00a0\u00bb90%\u00a0\u00bb custom_margin=\u00a0\u00bb||0px||false|false\u00a0\u00bb global_colors_info=\u00a0\u00bb{}\u00a0\u00bb][\/et_pb_divider][et_pb_text _builder_version=\u00a0\u00bb4.27.4&Prime; _module_preset=\u00a0\u00bbdefault\u00a0\u00bb text_font=\u00a0\u00bbInter|700|||||||\u00a0\u00bb text_text_color=\u00a0\u00bb#9ea1bd\u00a0\u00bb text_font_size=\u00a0\u00bb16px\u00a0\u00bb global_colors_info=\u00a0\u00bb{}\u00a0\u00bb]<span style=\"font-size: 40px;\"><b>5,6<\/b><\/span> juin.2025[\/et_pb_text][\/et_pb_column][et_pb_column type=\u00a0\u00bb1_4&Prime; _builder_version=\u00a0\u00bb4.27.4&Prime; _module_preset=\u00a0\u00bbdefault\u00a0\u00bb custom_css_main_element=\u00a0\u00bbmargin-right: 0px !important;||width: 25% !important;\u00a0\u00bb global_colors_info=\u00a0\u00bb{}\u00a0\u00bb][et_pb_text _builder_version=\u00a0\u00bb4.27.4&Prime; _module_preset=\u00a0\u00bbdefault\u00a0\u00bb text_font=\u00a0\u00bbInter|500|||||||\u00a0\u00bb text_text_color=\u00a0\u00bb#9ea1bd\u00a0\u00bb text_font_size=\u00a0\u00bb16px\u00a0\u00bb custom_margin=\u00a0\u00bb||10px||false|false\u00a0\u00bb global_colors_info=\u00a0\u00bb{}\u00a0\u00bb]<\/p>\n<p>En pr\u00e9sentiel<\/p>\n<p>[\/et_pb_text][et_pb_divider color=\u00a0\u00bb#9ea1bd\u00a0\u00bb divider_weight=\u00a0\u00bb1px\u00a0\u00bb _builder_version=\u00a0\u00bb4.27.4&Prime; _module_preset=\u00a0\u00bbdefault\u00a0\u00bb width=\u00a0\u00bb90%\u00a0\u00bb custom_margin=\u00a0\u00bb||0px||false|false\u00a0\u00bb global_colors_info=\u00a0\u00bb{}\u00a0\u00bb][\/et_pb_divider][et_pb_text _builder_version=\u00a0\u00bb4.27.4&Prime; _module_preset=\u00a0\u00bbdefault\u00a0\u00bb text_font=\u00a0\u00bbInter|700|||||||\u00a0\u00bb text_text_color=\u00a0\u00bb#9ea1bd\u00a0\u00bb text_font_size=\u00a0\u00bb16px\u00a0\u00bb global_colors_info=\u00a0\u00bb{}\u00a0\u00bb]<span style=\"font-size: 40px;\"><b>6,7<\/b><\/span> nov.2025[\/et_pb_text][\/et_pb_column][et_pb_column type=\u00a0\u00bb1_4&Prime; _builder_version=\u00a0\u00bb4.27.4&Prime; _module_preset=\u00a0\u00bbdefault\u00a0\u00bb custom_css_main_element=\u00a0\u00bbmargin-right: 0px !important;||width: 25% !important;\u00a0\u00bb global_colors_info=\u00a0\u00bb{}\u00a0\u00bb][et_pb_text _builder_version=\u00a0\u00bb4.27.4&Prime; _module_preset=\u00a0\u00bbdefault\u00a0\u00bb text_font=\u00a0\u00bbInter|500|||||||\u00a0\u00bb text_text_color=\u00a0\u00bb#9ea1bd\u00a0\u00bb text_font_size=\u00a0\u00bb16px\u00a0\u00bb custom_margin=\u00a0\u00bb||10px||false|false\u00a0\u00bb global_colors_info=\u00a0\u00bb{}\u00a0\u00bb]<\/p>\n<p>Dur\u00e9e<\/p>\n<p>[\/et_pb_text][et_pb_divider color=\u00a0\u00bb#9ea1bd\u00a0\u00bb divider_weight=\u00a0\u00bb1px\u00a0\u00bb _builder_version=\u00a0\u00bb4.27.4&Prime; _module_preset=\u00a0\u00bbdefault\u00a0\u00bb width=\u00a0\u00bb90%\u00a0\u00bb custom_margin=\u00a0\u00bb||0px||false|false\u00a0\u00bb global_colors_info=\u00a0\u00bb{}\u00a0\u00bb][\/et_pb_divider][et_pb_text _builder_version=\u00a0\u00bb4.27.4&Prime; _module_preset=\u00a0\u00bbdefault\u00a0\u00bb text_font=\u00a0\u00bbInter|700|||||||\u00a0\u00bb text_text_color=\u00a0\u00bb#9ea1bd\u00a0\u00bb text_font_size=\u00a0\u00bb16px\u00a0\u00bb global_colors_info=\u00a0\u00bb{}\u00a0\u00bb]<span style=\"font-size: 40px;\"><b>2<\/b><\/span>\u00a0jours \/ 14h[\/et_pb_text][\/et_pb_column][et_pb_column type=\u00a0\u00bb1_4&Prime; _builder_version=\u00a0\u00bb4.27.4&Prime; _module_preset=\u00a0\u00bbdefault\u00a0\u00bb custom_css_main_element=\u00a0\u00bbmargin-right: 0px !important;||width: 25% !important;\u00a0\u00bb global_colors_info=\u00a0\u00bb{}\u00a0\u00bb][et_pb_text _builder_version=\u00a0\u00bb4.27.4&Prime; _module_preset=\u00a0\u00bbdefault\u00a0\u00bb text_font=\u00a0\u00bbInter|500|||||||\u00a0\u00bb text_text_color=\u00a0\u00bb#9ea1bd\u00a0\u00bb text_font_size=\u00a0\u00bb16px\u00a0\u00bb custom_margin=\u00a0\u00bb||10px||false|false\u00a0\u00bb global_colors_info=\u00a0\u00bb{}\u00a0\u00bb]<\/p>\n<p>Co\u00fbt<\/p>\n<p>[\/et_pb_text][et_pb_divider color=\u00a0\u00bb#9ea1bd\u00a0\u00bb divider_weight=\u00a0\u00bb1px\u00a0\u00bb _builder_version=\u00a0\u00bb4.27.4&Prime; _module_preset=\u00a0\u00bbdefault\u00a0\u00bb width=\u00a0\u00bb90%\u00a0\u00bb custom_margin=\u00a0\u00bb||0px||false|false\u00a0\u00bb global_colors_info=\u00a0\u00bb{}\u00a0\u00bb][\/et_pb_divider][et_pb_text _builder_version=\u00a0\u00bb4.27.4&Prime; _module_preset=\u00a0\u00bbdefault\u00a0\u00bb text_font=\u00a0\u00bbInter|700|||||||\u00a0\u00bb text_text_color=\u00a0\u00bb#9ea1bd\u00a0\u00bb text_font_size=\u00a0\u00bb16px\u00a0\u00bb global_colors_info=\u00a0\u00bb{}\u00a0\u00bb]<span style=\"font-size: 40px;\"><b>480<\/b><\/span>\u00a0\u20ac[\/et_pb_text][\/et_pb_column][\/et_pb_row][et_pb_row column_structure=\u00a0\u00bb1_3,1_3,1_3&Prime; disabled_on=\u00a0\u00bbon|on|off\u00a0\u00bb _builder_version=\u00a0\u00bb4.27.4&Prime; _module_preset=\u00a0\u00bbdefault\u00a0\u00bb global_colors_info=\u00a0\u00bb{}\u00a0\u00bb][et_pb_column type=\u00a0\u00bb1_3&Prime; _builder_version=\u00a0\u00bb4.27.4&Prime; _module_preset=\u00a0\u00bbdefault\u00a0\u00bb custom_css_main_element=\u00a0\u00bbmargin-right: 0px !important;||width: 25% !important;\u00a0\u00bb global_colors_info=\u00a0\u00bb{}\u00a0\u00bb][et_pb_text _builder_version=\u00a0\u00bb4.27.4&Prime; _module_preset=\u00a0\u00bbdefault\u00a0\u00bb text_font=\u00a0\u00bbInter|500|||||||\u00a0\u00bb text_text_color=\u00a0\u00bb#9ea1bd\u00a0\u00bb text_font_size=\u00a0\u00bb16px\u00a0\u00bb custom_margin=\u00a0\u00bb||10px||false|false\u00a0\u00bb global_colors_info=\u00a0\u00bb{}\u00a0\u00bb]<\/p>\n<p>En pr\u00e9sentiel<\/p>\n<p>[\/et_pb_text][et_pb_divider color=\u00a0\u00bb#9ea1bd\u00a0\u00bb divider_weight=\u00a0\u00bb1px\u00a0\u00bb _builder_version=\u00a0\u00bb4.27.4&Prime; _module_preset=\u00a0\u00bbdefault\u00a0\u00bb width=\u00a0\u00bb90%\u00a0\u00bb custom_margin=\u00a0\u00bb||0px||false|false\u00a0\u00bb global_colors_info=\u00a0\u00bb{}\u00a0\u00bb][\/et_pb_divider][et_pb_text _builder_version=\u00a0\u00bb4.27.4&Prime; _module_preset=\u00a0\u00bbdefault\u00a0\u00bb text_font=\u00a0\u00bbInter|700|||||||\u00a0\u00bb text_text_color=\u00a0\u00bb#9ea1bd\u00a0\u00bb text_font_size=\u00a0\u00bb16px\u00a0\u00bb global_colors_info=\u00a0\u00bb{}\u00a0\u00bb]<\/p>\n<p><span style=\"font-size: 40px;\"><b>5,6<\/b><\/span>\u00a0mai.2025<\/p>\n<p>[\/et_pb_text][\/et_pb_column][et_pb_column type=\u00a0\u00bb1_3&Prime; _builder_version=\u00a0\u00bb4.27.4&Prime; _module_preset=\u00a0\u00bbdefault\u00a0\u00bb custom_css_main_element=\u00a0\u00bbmargin-right: 0px !important;||width: 25% !important;\u00a0\u00bb global_colors_info=\u00a0\u00bb{}\u00a0\u00bb][et_pb_text _builder_version=\u00a0\u00bb4.27.4&Prime; _module_preset=\u00a0\u00bbdefault\u00a0\u00bb text_font=\u00a0\u00bbInter|500|||||||\u00a0\u00bb text_text_color=\u00a0\u00bb#9ea1bd\u00a0\u00bb text_font_size=\u00a0\u00bb16px\u00a0\u00bb custom_margin=\u00a0\u00bb||10px||false|false\u00a0\u00bb global_colors_info=\u00a0\u00bb{}\u00a0\u00bb]<\/p>\n<p>En pr\u00e9sentiel<\/p>\n<p>[\/et_pb_text][et_pb_divider color=\u00a0\u00bb#9ea1bd\u00a0\u00bb divider_weight=\u00a0\u00bb1px\u00a0\u00bb _builder_version=\u00a0\u00bb4.27.4&Prime; _module_preset=\u00a0\u00bbdefault\u00a0\u00bb width=\u00a0\u00bb90%\u00a0\u00bb custom_margin=\u00a0\u00bb||0px||false|false\u00a0\u00bb global_colors_info=\u00a0\u00bb{}\u00a0\u00bb][\/et_pb_divider][et_pb_text _builder_version=\u00a0\u00bb4.27.4&Prime; _module_preset=\u00a0\u00bbdefault\u00a0\u00bb text_font=\u00a0\u00bbInter|700|||||||\u00a0\u00bb text_text_color=\u00a0\u00bb#9ea1bd\u00a0\u00bb text_font_size=\u00a0\u00bb16px\u00a0\u00bb global_colors_info=\u00a0\u00bb{}\u00a0\u00bb]<span style=\"font-size: 40px;\"><b>8,9<\/b><\/span>\u00a0sept.2025[\/et_pb_text][\/et_pb_column][et_pb_column type=\u00a0\u00bb1_3&Prime; disabled_on=\u00a0\u00bbon|on|off\u00a0\u00bb _builder_version=\u00a0\u00bb4.27.4&Prime; _module_preset=\u00a0\u00bbdefault\u00a0\u00bb custom_css_main_element=\u00a0\u00bbmargin-right: 0px !important;||width: 25% !important;\u00a0\u00bb global_colors_info=\u00a0\u00bb{}\u00a0\u00bb][et_pb_text _builder_version=\u00a0\u00bb4.27.4&Prime; _module_preset=\u00a0\u00bbdefault\u00a0\u00bb text_font=\u00a0\u00bbInter|500|||||||\u00a0\u00bb text_text_color=\u00a0\u00bb#9ea1bd\u00a0\u00bb text_font_size=\u00a0\u00bb16px\u00a0\u00bb custom_margin=\u00a0\u00bb||10px||false|false\u00a0\u00bb global_colors_info=\u00a0\u00bb{}\u00a0\u00bb]<\/p>\n<p>\u00c0 distance<\/p>\n<p>[\/et_pb_text][et_pb_divider color=\u00a0\u00bb#9ea1bd\u00a0\u00bb divider_weight=\u00a0\u00bb1px\u00a0\u00bb _builder_version=\u00a0\u00bb4.27.4&Prime; _module_preset=\u00a0\u00bbdefault\u00a0\u00bb width=\u00a0\u00bb90%\u00a0\u00bb custom_margin=\u00a0\u00bb||0px||false|false\u00a0\u00bb global_colors_info=\u00a0\u00bb{}\u00a0\u00bb][\/et_pb_divider][et_pb_text _builder_version=\u00a0\u00bb4.27.4&Prime; _module_preset=\u00a0\u00bbdefault\u00a0\u00bb text_font=\u00a0\u00bbInter|700|||||||\u00a0\u00bb text_text_color=\u00a0\u00bb#9ea1bd\u00a0\u00bb text_font_size=\u00a0\u00bb16px\u00a0\u00bb global_colors_info=\u00a0\u00bb{}\u00a0\u00bb]<span style=\"font-size: 40px;\"><b>1,2<\/b><\/span> d\u00e9c.2025[\/et_pb_text][\/et_pb_column][\/et_pb_row][et_pb_row column_structure=\u00a0\u00bb1_3,1_3,1_3&Prime; disabled_on=\u00a0\u00bbon|on|off\u00a0\u00bb _builder_version=\u00a0\u00bb4.27.4&Prime; _module_preset=\u00a0\u00bbdefault\u00a0\u00bb global_colors_info=\u00a0\u00bb{}\u00a0\u00bb][et_pb_column type=\u00a0\u00bb1_3&Prime; _builder_version=\u00a0\u00bb4.27.4&Prime; _module_preset=\u00a0\u00bbdefault\u00a0\u00bb custom_css_main_element=\u00a0\u00bbmargin-right: 0px !important;||width: 25% !important;\u00a0\u00bb global_colors_info=\u00a0\u00bb{}\u00a0\u00bb][et_pb_text _builder_version=\u00a0\u00bb4.27.4&Prime; _module_preset=\u00a0\u00bbdefault\u00a0\u00bb text_font=\u00a0\u00bbInter|500|||||||\u00a0\u00bb text_text_color=\u00a0\u00bb#9ea1bd\u00a0\u00bb text_font_size=\u00a0\u00bb16px\u00a0\u00bb custom_margin=\u00a0\u00bb||10px||false|false\u00a0\u00bb global_colors_info=\u00a0\u00bb{}\u00a0\u00bb]<\/p>\n<p>Dur\u00e9e<\/p>\n<p>[\/et_pb_text][et_pb_divider color=\u00a0\u00bb#9ea1bd\u00a0\u00bb divider_weight=\u00a0\u00bb1px\u00a0\u00bb _builder_version=\u00a0\u00bb4.27.4&Prime; _module_preset=\u00a0\u00bbdefault\u00a0\u00bb width=\u00a0\u00bb90%\u00a0\u00bb custom_margin=\u00a0\u00bb||0px||false|false\u00a0\u00bb global_colors_info=\u00a0\u00bb{}\u00a0\u00bb][\/et_pb_divider][et_pb_text _builder_version=\u00a0\u00bb4.27.4&Prime; _module_preset=\u00a0\u00bbdefault\u00a0\u00bb text_font=\u00a0\u00bbInter|700|||||||\u00a0\u00bb text_text_color=\u00a0\u00bb#9ea1bd\u00a0\u00bb text_font_size=\u00a0\u00bb16px\u00a0\u00bb global_colors_info=\u00a0\u00bb{}\u00a0\u00bb]<\/p>\n<p><span style=\"font-size: 40px;\"><b>2 <\/b><\/span>\u00a0jours \/ 14h<\/p>\n<p>[\/et_pb_text][\/et_pb_column][et_pb_column type=\u00a0\u00bb1_3&Prime; _builder_version=\u00a0\u00bb4.27.4&Prime; _module_preset=\u00a0\u00bbdefault\u00a0\u00bb custom_css_main_element=\u00a0\u00bbmargin-right: 0px !important;||width: 25% !important;\u00a0\u00bb global_colors_info=\u00a0\u00bb{}\u00a0\u00bb][et_pb_text _builder_version=\u00a0\u00bb4.27.4&Prime; _module_preset=\u00a0\u00bbdefault\u00a0\u00bb text_font=\u00a0\u00bbInter|500|||||||\u00a0\u00bb text_text_color=\u00a0\u00bb#9ea1bd\u00a0\u00bb text_font_size=\u00a0\u00bb16px\u00a0\u00bb custom_margin=\u00a0\u00bb||10px||false|false\u00a0\u00bb global_colors_info=\u00a0\u00bb{}\u00a0\u00bb]<\/p>\n<p>Co\u00fbt<\/p>\n<p>[\/et_pb_text][et_pb_divider color=\u00a0\u00bb#9ea1bd\u00a0\u00bb divider_weight=\u00a0\u00bb1px\u00a0\u00bb _builder_version=\u00a0\u00bb4.27.4&Prime; _module_preset=\u00a0\u00bbdefault\u00a0\u00bb width=\u00a0\u00bb90%\u00a0\u00bb custom_margin=\u00a0\u00bb||0px||false|false\u00a0\u00bb global_colors_info=\u00a0\u00bb{}\u00a0\u00bb][\/et_pb_divider][et_pb_text _builder_version=\u00a0\u00bb4.27.4&Prime; _module_preset=\u00a0\u00bbdefault\u00a0\u00bb text_font=\u00a0\u00bbInter|700|||||||\u00a0\u00bb text_text_color=\u00a0\u00bb#9ea1bd\u00a0\u00bb text_font_size=\u00a0\u00bb16px\u00a0\u00bb global_colors_info=\u00a0\u00bb{}\u00a0\u00bb]<\/p>\n<p><span style=\"font-size: 40px;\"><b>480<\/b><\/span>\u00a0\u20ac<\/p>\n<p>[\/et_pb_text][\/et_pb_column][et_pb_column type=\u00a0\u00bb1_3&Prime; disabled_on=\u00a0\u00bbon|on|off\u00a0\u00bb _builder_version=\u00a0\u00bb4.27.4&Prime; _module_preset=\u00a0\u00bbdefault\u00a0\u00bb custom_css_main_element=\u00a0\u00bbwidth: 25% !important;\u00a0\u00bb global_colors_info=\u00a0\u00bb{}\u00a0\u00bb][\/et_pb_column][\/et_pb_row][et_pb_row disabled_on=\u00a0\u00bboff|off|on\u00a0\u00bb _builder_version=\u00a0\u00bb4.27.4&Prime; _module_preset=\u00a0\u00bbdefault\u00a0\u00bb global_colors_info=\u00a0\u00bb{}\u00a0\u00bb][et_pb_column type=\u00a0\u00bb4_4&Prime; _builder_version=\u00a0\u00bb4.27.4&Prime; _module_preset=\u00a0\u00bbdefault\u00a0\u00bb global_colors_info=\u00a0\u00bb{}\u00a0\u00bb][et_pb_tabs _builder_version=\u00a0\u00bb4.27.4&Prime; _module_preset=\u00a0\u00bbdefault\u00a0\u00bb global_colors_info=\u00a0\u00bb{}\u00a0\u00bb][et_pb_tab title=\u00a0\u00bbDates de la formation\u00a0\u00bb _builder_version=\u00a0\u00bb4.27.4&Prime; _module_preset=\u00a0\u00bbdefault\u00a0\u00bb body_font=\u00a0\u00bbInter|500|||||||\u00a0\u00bb body_font_size=\u00a0\u00bb17px\u00a0\u00bb global_colors_info=\u00a0\u00bb{}\u00a0\u00bb]EN PR\u00c9SENTIEL 5\u00b76 MAI \/ 8\u00b79 SEPT.<br \/>\n\u00c0 DISTANCE 1\u00b72 D\u00c9C.[\/et_pb_tab][et_pb_tab title=\u00a0\u00bbDur\u00e9e de la formation\u00a0\u00bb _builder_version=\u00a0\u00bb4.27.4&Prime; _module_preset=\u00a0\u00bbdefault\u00a0\u00bb body_font=\u00a0\u00bbInter|500|||||||\u00a0\u00bb body_font_size=\u00a0\u00bb17px\u00a0\u00bb global_colors_info=\u00a0\u00bb{}\u00a0\u00bb]<\/p>\n<p><strong>2 jours \/ 14h<\/strong><\/p>\n<p>[\/et_pb_tab][et_pb_tab title=\u00a0\u00bbCo\u00fbt de la formation\u00a0\u00bb _builder_version=\u00a0\u00bb4.27.4&Prime; _module_preset=\u00a0\u00bbdefault\u00a0\u00bb body_font=\u00a0\u00bbInter|500|||||||\u00a0\u00bb body_font_size=\u00a0\u00bb17px\u00a0\u00bb global_colors_info=\u00a0\u00bb{}\u00a0\u00bb]<\/p>\n<p><strong>480 \u20ac<\/strong><\/p>\n<p>[\/et_pb_tab][\/et_pb_tabs][\/et_pb_column][\/et_pb_row][et_pb_row _builder_version=\u00a0\u00bb4.27.4&Prime; _module_preset=\u00a0\u00bbdefault\u00a0\u00bb global_colors_info=\u00a0\u00bb{}\u00a0\u00bb][et_pb_column type=\u00a0\u00bb4_4&Prime; _builder_version=\u00a0\u00bb4.27.4&Prime; _module_preset=\u00a0\u00bbdefault\u00a0\u00bb global_colors_info=\u00a0\u00bb{}\u00a0\u00bb][et_pb_button button_url=\u00a0\u00bb#formulaire-inscription\u00a0\u00bb button_text=\u00a0\u00bbS&rsquo;inscrire\u00a0\u00bb _builder_version=\u00a0\u00bb4.27.4&Prime; _module_preset=\u00a0\u00bbdefault\u00a0\u00bb custom_button=\u00a0\u00bbon\u00a0\u00bb button_text_size=\u00a0\u00bb16px\u00a0\u00bb button_text_color=\u00a0\u00bb#9ea1bd\u00a0\u00bb button_border_width=\u00a0\u00bb1px\u00a0\u00bb button_border_radius=\u00a0\u00bb18px\u00a0\u00bb button_font=\u00a0\u00bbInter|500|||||||\u00a0\u00bb button_icon=\u00a0\u00bb&#x24;||divi||400&Prime; global_colors_info=\u00a0\u00bb{}\u00a0\u00bb button_text_color__hover_enabled=\u00a0\u00bbon|hover\u00a0\u00bb button_text_color__hover=\u00a0\u00bb#FFFFFF\u00a0\u00bb button_bg_color__hover_enabled=\u00a0\u00bbon|hover\u00a0\u00bb button_bg_color__hover=\u00a0\u00bb#5236ff\u00a0\u00bb button_bg_enable_color__hover=\u00a0\u00bbon\u00a0\u00bb][\/et_pb_button][\/et_pb_column][\/et_pb_row][et_pb_row _builder_version=\u00a0\u00bb4.27.4&Prime; _module_preset=\u00a0\u00bbdefault\u00a0\u00bb global_colors_info=\u00a0\u00bb{}\u00a0\u00bb][et_pb_column type=\u00a0\u00bb4_4&Prime; _builder_version=\u00a0\u00bb4.27.4&Prime; _module_preset=\u00a0\u00bbdefault\u00a0\u00bb global_colors_info=\u00a0\u00bb{}\u00a0\u00bb][et_pb_text _builder_version=\u00a0\u00bb4.27.4&Prime; _module_preset=\u00a0\u00bbdefault\u00a0\u00bb header_3_font=\u00a0\u00bbInter|800|||||||\u00a0\u00bb header_3_text_color=\u00a0\u00bbrgba(14,16,43,0.81)\u00a0\u00bb custom_margin=\u00a0\u00bb||17px||false|false\u00a0\u00bb global_colors_info=\u00a0\u00bb{}\u00a0\u00bb]<\/p>\n<h3>Objectifs<\/h3>\n<p>[\/et_pb_text][et_pb_text _builder_version=\u00a0\u00bb4.27.4&Prime; _module_preset=\u00a0\u00bbdefault\u00a0\u00bb text_font=\u00a0\u00bbInter|500|||||||\u00a0\u00bb text_text_color=\u00a0\u00bb#0e102b\u00a0\u00bb text_font_size=\u00a0\u00bb18px\u00a0\u00bb global_colors_info=\u00a0\u00bb{}\u00a0\u00bb]Adopter une posture d\u2019accueil inform\u00e9e des enjeux li\u00e9s \u00e0 l\u2019orientation sexuelle ou l\u2019identit\u00e9 de genre<\/p>\n<p>\u2022\tMobiliser les crit\u00e8res l\u00e9gaux et les attentes des instances de l\u2019asile pour mieux accompagner les demandeur\u00b7se\u00b7s d\u2019asile LGBT+ \u00e0 chaque \u00e9tape de leur proc\u00e9dure (r\u00e9cit, entretien OFPRA, audience CNDA)<\/p>\n<p>\u2022\tCr\u00e9er un espace de confiance qui favorise la lib\u00e9ration de la parole de la personne sur son v\u00e9cu et sa vie affective<\/p>\n<p>\u2022\tPr\u00e9parer un\u00b7e demandeur\u00b7se d\u2019asile LGBT+ dans l\u2019expression de son histoire et la r\u00e9ponse aux questions sensibles<\/p>\n<p>\u2022\tDistinguer les documents de preuve \u00e0 fournir de ceux qui pourraient desservir le\u00b7la demandeur\u00b7se d\u2019asile[\/et_pb_text][et_pb_text _builder_version=\u00a0\u00bb4.27.4&Prime; _module_preset=\u00a0\u00bbdefault\u00a0\u00bb header_3_font=\u00a0\u00bbInter|800|||||||\u00a0\u00bb header_3_text_color=\u00a0\u00bbrgba(14,16,43,0.81)\u00a0\u00bb custom_margin=\u00a0\u00bb||17px||false|false\u00a0\u00bb global_colors_info=\u00a0\u00bb{}\u00a0\u00bb]<\/p>\n<h3>Moyens et m\u00e9thodes p\u00e9dagogiques<\/h3>\n<p>[\/et_pb_text][et_pb_text _builder_version=\u00a0\u00bb4.27.4&Prime; _module_preset=\u00a0\u00bbdefault\u00a0\u00bb text_font=\u00a0\u00bbInter|500|||||||\u00a0\u00bb text_text_color=\u00a0\u00bb#0e102b\u00a0\u00bb text_font_size=\u00a0\u00bb18px\u00a0\u00bb global_colors_info=\u00a0\u00bb{}\u00a0\u00bb]<\/p>\n<p>Formation d\u00e9clin\u00e9e en modules comprenant des apports th\u00e9oriques et m\u00e9thodologiques, des mises en application, des \u00e9valuations. Une synth\u00e8se est mise \u00e0 disposition \u00e0 la fin de la session. P\u00e9dagogie interactive autour des situations professionnelles rencontr\u00e9es par les participants. Partage des bonnes pratiques.<\/p>\n<p>[\/et_pb_text][et_pb_text _builder_version=\u00a0\u00bb4.27.4&Prime; _module_preset=\u00a0\u00bbdefault\u00a0\u00bb header_3_font=\u00a0\u00bbInter|800|||||||\u00a0\u00bb header_3_text_color=\u00a0\u00bbrgba(14,16,43,0.81)\u00a0\u00bb custom_margin=\u00a0\u00bb||17px||false|false\u00a0\u00bb global_colors_info=\u00a0\u00bb{}\u00a0\u00bb]<\/p>\n<h3>Public<\/h3>\n<p>[\/et_pb_text][et_pb_text _builder_version=\u00a0\u00bb4.27.4&Prime; _module_preset=\u00a0\u00bbdefault\u00a0\u00bb text_font=\u00a0\u00bbInter|500|||||||\u00a0\u00bb text_text_color=\u00a0\u00bb#0e102b\u00a0\u00bb text_font_size=\u00a0\u00bb18px\u00a0\u00bb global_colors_info=\u00a0\u00bb{}\u00a0\u00bb]Intervenant\u00b7e\u00b7s sociaux\u00b7ales ou juristes qui accompagnent ou vont accompagner des demandeur\u00b7se\u00b7s d\u2019asile LGBT+ dans la constitution de leur dossier asile [\/et_pb_text][et_pb_text _builder_version=\u00a0\u00bb4.27.4&Prime; _module_preset=\u00a0\u00bbdefault\u00a0\u00bb header_3_font=\u00a0\u00bbInter|800|||||||\u00a0\u00bb header_3_text_color=\u00a0\u00bbrgba(14,16,43,0.81)\u00a0\u00bb custom_margin=\u00a0\u00bb||17px||false|false\u00a0\u00bb global_colors_info=\u00a0\u00bb{}\u00a0\u00bb]<\/p>\n<h3>Pr\u00e9requis<\/h3>\n<p>[\/et_pb_text][et_pb_text _builder_version=\u00a0\u00bb4.27.4&Prime; _module_preset=\u00a0\u00bbdefault\u00a0\u00bb text_font=\u00a0\u00bbInter|500|||||||\u00a0\u00bb text_text_color=\u00a0\u00bb#0e102b\u00a0\u00bb text_font_size=\u00a0\u00bb18px\u00a0\u00bb global_colors_info=\u00a0\u00bb{}\u00a0\u00bb]Les participant\u00b7e\u00b7s ont une formation initiale ou une exp\u00e9rience significative dans la proc\u00e9dure d\u2019asile g\u00e9n\u00e9raliste[\/et_pb_text][et_pb_text disabled_on=\u00a0\u00bbon|on|on\u00a0\u00bb _builder_version=\u00a0\u00bb4.27.4&Prime; _module_preset=\u00a0\u00bbdefault\u00a0\u00bb header_3_font=\u00a0\u00bbInter|800|||||||\u00a0\u00bb header_3_text_color=\u00a0\u00bbrgba(14,16,43,0.81)\u00a0\u00bb custom_margin=\u00a0\u00bb||17px||false|false\u00a0\u00bb disabled=\u00a0\u00bbon\u00a0\u00bb global_colors_info=\u00a0\u00bb{}\u00a0\u00bb]<\/p>\n<h3>Mat\u00e9riel requis<\/h3>\n<p>[\/et_pb_text][et_pb_text disabled_on=\u00a0\u00bbon|on|on\u00a0\u00bb _builder_version=\u00a0\u00bb4.27.4&Prime; _module_preset=\u00a0\u00bbdefault\u00a0\u00bb text_font=\u00a0\u00bbInter|500|||||||\u00a0\u00bb text_text_color=\u00a0\u00bb#0e102b\u00a0\u00bb text_font_size=\u00a0\u00bb18px\u00a0\u00bb disabled=\u00a0\u00bbon\u00a0\u00bb global_colors_info=\u00a0\u00bb{}\u00a0\u00bb]<\/p>\n<p>Venir avec son ordinateur portable<\/p>\n<p>[\/et_pb_text][et_pb_divider color=\u00a0\u00bb#9ea1bd\u00a0\u00bb _builder_version=\u00a0\u00bb4.27.4&Prime; _module_preset=\u00a0\u00bbdefault\u00a0\u00bb global_colors_info=\u00a0\u00bb{}\u00a0\u00bb][\/et_pb_divider][et_pb_text _builder_version=\u00a0\u00bb4.27.4&Prime; _module_preset=\u00a0\u00bbdefault\u00a0\u00bb header_3_font=\u00a0\u00bbInter|800|||||||\u00a0\u00bb header_3_text_color=\u00a0\u00bbrgba(14,16,43,0.81)\u00a0\u00bb custom_margin=\u00a0\u00bb||17px||false|false\u00a0\u00bb global_colors_info=\u00a0\u00bb{}\u00a0\u00bb]<\/p>\n<h3>Programme<\/h3>\n<p>[\/et_pb_text][et_pb_text _builder_version=\u00a0\u00bb4.27.4&Prime; _module_preset=\u00a0\u00bbdefault\u00a0\u00bb text_font=\u00a0\u00bbInter|500|||||||\u00a0\u00bb text_text_color=\u00a0\u00bb#0e102b\u00a0\u00bb text_font_size=\u00a0\u00bb18px\u00a0\u00bb header_4_font=\u00a0\u00bbInter|800|||||||\u00a0\u00bb global_colors_info=\u00a0\u00bb{}\u00a0\u00bb]<\/p>\n<h4>Mieux comprendre les personnes demandeur\u00b7se\u00b7s d\u2019asile LGBTI+ pour mieux les accompagner<\/h4>\n<p>\u2022 D\u00e9construire ses pr\u00e9jug\u00e9s sur les demandeur\u00b7se\u00b7s d\u2019asile lesbiennes, gay, bi et trans.<br \/>\u2022 Mieux comprendre leurs parcours et les raisons de leur double exclusion.<br \/>\u2022 Identifier et pr\u00e9venir les risques psychosociaux chez les personnes LGBTI+<br \/>\u2022 Adopter les \u201cbonnes pratiques\u201d d\u2019accompagnement individuel et collectif des DA LGBT+, notamment en termes d\u2019orientation<\/p>\n<h4>Savoir identifier les attentes de l\u2019OFPRA et de la CNDA sur la demande d\u2019asile LGBT+<\/h4>\n<p>\u2022 Comprendre l\u2019injonction des instances de l\u2019asile aux demandeur\u00b7se\u00b7s d\u2019asile LGBT+ \u00e0 la preuve de leur homosexualit\u00e9 ou transidentit\u00e9 .<br \/>\u2022 Savoir identifier et \u00e9viter les \u00e9cueils classiques et les \u00e9l\u00e9ments st\u00e9r\u00e9otyp\u00e9s dans un r\u00e9cit<br \/>\u2022 Comprendre les attentes de l\u2019OFPRA et la CNDA sur la demande d\u2019asile LGBTI+.<\/p>\n<h4>Pr\u00e9parer efficacement un\u00b7e demandeur\u00b7se d\u2019asile LGBT+ \u00e0 chaque \u00e9tape de la proc\u00e9dure (r\u00e9cit, entretien OFPRA, CNDA)<\/h4>\n<p>\u2022 Cr\u00e9er un espace de parole libre et respectueux de l\u2019intimit\u00e9 des personnes sur les questions de sexualit\u00e9 et de vie affective<br \/>\u2022 Conna\u00eetre les incontournables et les pi\u00e8ges \u00e0 \u00e9viter dans la r\u00e9daction du r\u00e9cit d\u2019un\u00b7e demandeur\u00b7se d\u2019asile LGBT+.<br \/>\u2022 Pr\u00e9parer un\u00b7e DA \u00e0 une expression orale authentique et efficace, le\u00b7a sensibiliser aux attentes des instances de l\u2019asile en mati\u00e8re d\u2019expression de soi<br \/>\u2022 \u00c9viter le pi\u00e8ge des fausses bonnes strat\u00e9gies, notamment dans la recherche de preuves.<\/p>\n<h4>Atelier d\u2019\u00e9tudes de cas et d\u2019analyse collective de pratique<\/h4>\n<p>\u2022 Se confronter \u00e0 des \u00e9tudes de cas complexes pour mettre en pratique les connaissances acquises<br \/>\u2022 Mettre en commun des cas issus de nos exp\u00e9riences pour \u00e9changer et faire une analyse collective de pratiques<\/p>\n<p>[\/et_pb_text][\/et_pb_column][\/et_pb_row][\/et_pb_section][et_pb_section fb_built=\u00a0\u00bb1&Prime; custom_padding_last_edited=\u00a0\u00bbon|tablet\u00a0\u00bb module_id=\u00a0\u00bbformulaire-inscription\u00a0\u00bb _builder_version=\u00a0\u00bb4.27.4&Prime; _module_preset=\u00a0\u00bbdefault\u00a0\u00bb custom_padding=\u00a0\u00bb|200px||200px|false|true\u00a0\u00bb custom_padding_tablet=\u00a0\u00bb|1px||1px|false|true\u00a0\u00bb custom_padding_phone=\u00a0\u00bb|0px||0px|false|true\u00a0\u00bb global_colors_info=\u00a0\u00bb{}\u00a0\u00bb][et_pb_row _builder_version=\u00a0\u00bb4.27.4&Prime; _module_preset=\u00a0\u00bbdefault\u00a0\u00bb global_colors_info=\u00a0\u00bb{}\u00a0\u00bb][et_pb_column type=\u00a0\u00bb4_4&Prime; _builder_version=\u00a0\u00bb4.27.4&Prime; _module_preset=\u00a0\u00bbdefault\u00a0\u00bb global_colors_info=\u00a0\u00bb{}\u00a0\u00bb][et_pb_text _builder_version=\u00a0\u00bb4.27.4&Prime; _module_preset=\u00a0\u00bbdefault\u00a0\u00bb header_3_font=\u00a0\u00bbInter|800|||||||\u00a0\u00bb header_3_text_color=\u00a0\u00bbrgba(14,16,43,0.81)\u00a0\u00bb global_colors_info=\u00a0\u00bb{}\u00a0\u00bb]<\/p>\n<h3>Inscription \u00e0 cette formation<\/h3>\n<p>[\/et_pb_text][et_pb_contact_form captcha=\u00a0\u00bboff\u00a0\u00bb email=\u00a0\u00bbsecretariatformation@france-terre-asile.org\u00a0\u00bb custom_message=\u00a0\u00bbBonjour Tracy, ||et_pb_line_break_holder||||et_pb_line_break_holder||Tu as re\u00e7u une nouvelle demande d&rsquo;inscription de %%prenom-stagiaire%% %%nom-stagiaire%%||et_pb_line_break_holder||||et_pb_line_break_holder||FORMATION||et_pb_line_break_holder||||et_pb_line_break_holder||Formation souhait\u00e9e : Accompagner le public LGBTQI+||et_pb_line_break_holder||||et_pb_line_break_holder||Date de la formation : %%date%%||et_pb_line_break_holder||||et_pb_line_break_holder||IDENTITE DU STAGIAIRE||et_pb_line_break_holder||||et_pb_line_break_holder||Pr\u00e9nom : %%prenom-stagiaire%%||et_pb_line_break_holder||Nom : %%nom-stagiaire%%||et_pb_line_break_holder||Email : %%confirm-email%%||et_pb_line_break_holder||T\u00e9l : %%tel-stagiaire%%||et_pb_line_break_holder||Fonction : %%fonction%%||et_pb_line_break_holder||||et_pb_line_break_holder||BESOIN PARTICULIER ET RQTH||et_pb_line_break_holder||||et_pb_line_break_holder||Stagiaire poss\u00e9dant la RQTH : %%rqth%%||et_pb_line_break_holder||Demandes particuli\u00e8res en cas de rqth (si vide alors RAS) : %%rqth-oui%%||et_pb_line_break_holder||||et_pb_line_break_holder||ENTREPRISE||et_pb_line_break_holder||||et_pb_line_break_holder||N\u00b0 de SIRET : %%siret%%||et_pb_line_break_holder||Raison sociale de facturation : %%rs%%||et_pb_line_break_holder||Adresse de facturation : %%adresse%%||et_pb_line_break_holder||||et_pb_line_break_holder||RESPONSABLE||et_pb_line_break_holder||||et_pb_line_break_holder||Pr\u00e9nom du responsable : %%prenom-responsable%%||et_pb_line_break_holder||Nom du responsable : %%nom-responsable%%||et_pb_line_break_holder||Email du responsable : %%email-responsable%%||et_pb_line_break_holder||T\u00e9l du responsable : %%tel-responsable%%||et_pb_line_break_holder||||et_pb_line_break_holder||Bon courage !!\u00a0\u00bb success_message=\u00a0\u00bbVotre demande d&rsquo;inscription a bien \u00e9t\u00e9 envoy\u00e9e. Le Centre de formation reviendra vers vous dans les plus brefs d\u00e9lais\u00a0\u00bb _builder_version=\u00a0\u00bb4.27.4&Prime; _module_preset=\u00a0\u00bbdefault\u00a0\u00bb _unique_id=\u00a0\u00bb9671292e-79be-405f-8195-0ce892511cad\u00a0\u00bb form_field_focus_text_color=\u00a0\u00bb#000000&Prime; form_field_font=\u00a0\u00bbInter|200|||||||\u00a0\u00bb form_field_font_size=\u00a0\u00bb18px\u00a0\u00bb custom_button=\u00a0\u00bbon\u00a0\u00bb button_text_size=\u00a0\u00bb16px\u00a0\u00bb button_text_color=\u00a0\u00bb#FFFFFF\u00a0\u00bb button_bg_color=\u00a0\u00bb#2c2c2c\u00a0\u00bb button_border_width=\u00a0\u00bb0px\u00a0\u00bb button_border_radius=\u00a0\u00bb24px\u00a0\u00bb button_font=\u00a0\u00bbInter|700|||||||\u00a0\u00bb button_use_icon=\u00a0\u00bboff\u00a0\u00bb hover_enabled=\u00a0\u00bb0&Prime; border_radii=\u00a0\u00bbon|6px|6px|6px|6px\u00a0\u00bb global_colors_info=\u00a0\u00bb{}\u00a0\u00bb sticky_enabled=\u00a0\u00bb0&Prime;][et_pb_contact_field field_id=\u00a0\u00bbformation\u00a0\u00bb field_title=\u00a0\u00bbAccompagner le public LGBTQI+\u00a0\u00bb field_type=\u00a0\u00bbselect\u00a0\u00bb select_options=\u00a0\u00bb%91{%22value%22:%22%22,%22checked%22:0,%22dragID%22:-1}%93&Prime; fullwidth_field=\u00a0\u00bbon\u00a0\u00bb _builder_version=\u00a0\u00bb4.27.4&Prime; _module_preset=\u00a0\u00bbdefault\u00a0\u00bb form_field_background_color=\u00a0\u00bb#ffb042&Prime; form_field_text_color=\u00a0\u00bb#FFFFFF\u00a0\u00bb form_field_focus_text_color=\u00a0\u00bb#ffffff\u00a0\u00bb form_field_font=\u00a0\u00bbInter|800|||||||\u00a0\u00bb form_field_font_size=\u00a0\u00bb18px\u00a0\u00bb hover_enabled=\u00a0\u00bb0&Prime; border_radii=\u00a0\u00bbon|6px|6px|6px|6px\u00a0\u00bb global_colors_info=\u00a0\u00bb{}\u00a0\u00bb required_mark=\u00a0\u00bboff\u00a0\u00bb sticky_enabled=\u00a0\u00bb0&Prime;][\/et_pb_contact_field][et_pb_contact_field field_id=\u00a0\u00bbdate\u00a0\u00bb field_title=\u00a0\u00bbDATE\u00a0\u00bb field_type=\u00a0\u00bbselect\u00a0\u00bb select_options=\u00a0\u00bb%91{%22value%22:%225,6 mai (pr\u00e9sentiel)%22,%22checked%22:0,%22dragID%22:-1},{%22value%22:%228,9 septembre (pr\u00e9sentiel)%22,%22checked%22:0,%22dragID%22:0},{%22value%22:%221,2 d\u00e9cembre (\u00e0 distance)%22,%22checked%22:0,%22dragID%22:1}%93&Prime; fullwidth_field=\u00a0\u00bbon\u00a0\u00bb _builder_version=\u00a0\u00bb4.27.4&Prime; _module_preset=\u00a0\u00bbdefault\u00a0\u00bb form_field_background_color=\u00a0\u00bb#9ea1bd\u00a0\u00bb form_field_text_color=\u00a0\u00bb#FFFFFF\u00a0\u00bb form_field_focus_text_color=\u00a0\u00bb#ffffff\u00a0\u00bb form_field_font=\u00a0\u00bbInter|700|||||||\u00a0\u00bb form_field_font_size=\u00a0\u00bb18px\u00a0\u00bb border_radii=\u00a0\u00bbon|6px|6px|6px|6px\u00a0\u00bb global_colors_info=\u00a0\u00bb{}\u00a0\u00bb][\/et_pb_contact_field][et_pb_contact_field field_id=\u00a0\u00bbnom-stagiaire\u00a0\u00bb field_title=\u00a0\u00bbVotre nom\u00a0\u00bb allowed_symbols=\u00a0\u00bbletters\u00a0\u00bb _builder_version=\u00a0\u00bb4.27.4&Prime; _module_preset=\u00a0\u00bbdefault\u00a0\u00bb form_field_background_color=\u00a0\u00bb#FFFFFF\u00a0\u00bb form_field_text_color=\u00a0\u00bbrgba(14,16,43,0.3)\u00a0\u00bb border_width_all=\u00a0\u00bb1px\u00a0\u00bb border_color_all=\u00a0\u00bbrgba(14,16,43,0.3)\u00a0\u00bb global_colors_info=\u00a0\u00bb{}\u00a0\u00bb][\/et_pb_contact_field][et_pb_contact_field field_id=\u00a0\u00bbprenom-stagiaire\u00a0\u00bb field_title=\u00a0\u00bbVotre pr\u00e9nom\u00a0\u00bb allowed_symbols=\u00a0\u00bbletters\u00a0\u00bb _builder_version=\u00a0\u00bb4.27.4&Prime; _module_preset=\u00a0\u00bbdefault\u00a0\u00bb form_field_background_color=\u00a0\u00bb#FFFFFF\u00a0\u00bb form_field_text_color=\u00a0\u00bbrgba(14,16,43,0.3)\u00a0\u00bb border_width_all=\u00a0\u00bb1px\u00a0\u00bb border_color_all=\u00a0\u00bbrgba(14,16,43,0.3)\u00a0\u00bb global_colors_info=\u00a0\u00bb{}\u00a0\u00bb][\/et_pb_contact_field][et_pb_contact_field field_id=\u00a0\u00bbemail-stagiaire\u00a0\u00bb field_title=\u00a0\u00bbEmail\u00a0\u00bb field_type=\u00a0\u00bbemail\u00a0\u00bb _builder_version=\u00a0\u00bb4.27.4&Prime; _module_preset=\u00a0\u00bbdefault\u00a0\u00bb form_field_background_color=\u00a0\u00bb#FFFFFF\u00a0\u00bb form_field_text_color=\u00a0\u00bbrgba(14,16,43,0.3)\u00a0\u00bb border_width_all=\u00a0\u00bb1px\u00a0\u00bb border_color_all=\u00a0\u00bbrgba(14,16,43,0.3)\u00a0\u00bb global_colors_info=\u00a0\u00bb{}\u00a0\u00bb][\/et_pb_contact_field][et_pb_contact_field field_id=\u00a0\u00bbconfirm-email\u00a0\u00bb field_title=\u00a0\u00bbVeuillez confirmer votre email\u00a0\u00bb field_type=\u00a0\u00bbemail\u00a0\u00bb _builder_version=\u00a0\u00bb4.27.4&Prime; _module_preset=\u00a0\u00bbdefault\u00a0\u00bb form_field_background_color=\u00a0\u00bb#FFFFFF\u00a0\u00bb form_field_text_color=\u00a0\u00bbrgba(14,16,43,0.3)\u00a0\u00bb border_width_all=\u00a0\u00bb1px\u00a0\u00bb border_color_all=\u00a0\u00bbrgba(14,16,43,0.3)\u00a0\u00bb global_colors_info=\u00a0\u00bb{}\u00a0\u00bb][\/et_pb_contact_field][et_pb_contact_field field_id=\u00a0\u00bbtel-stagiaire\u00a0\u00bb field_title=\u00a0\u00bbT\u00e9l\u00e9phone\u00a0\u00bb min_length=\u00a0\u00bb10&Prime; max_length=\u00a0\u00bb10&Prime; allowed_symbols=\u00a0\u00bbnumbers\u00a0\u00bb _builder_version=\u00a0\u00bb4.27.4&Prime; _module_preset=\u00a0\u00bbdefault\u00a0\u00bb form_field_background_color=\u00a0\u00bb#FFFFFF\u00a0\u00bb form_field_text_color=\u00a0\u00bbrgba(14,16,43,0.3)\u00a0\u00bb border_width_all=\u00a0\u00bb1px\u00a0\u00bb border_color_all=\u00a0\u00bbrgba(14,16,43,0.3)\u00a0\u00bb global_colors_info=\u00a0\u00bb{}\u00a0\u00bb][\/et_pb_contact_field][et_pb_contact_field field_id=\u00a0\u00bbfonction\u00a0\u00bb field_title=\u00a0\u00bbFonction\u00a0\u00bb allowed_symbols=\u00a0\u00bbletters\u00a0\u00bb _builder_version=\u00a0\u00bb4.27.4&Prime; _module_preset=\u00a0\u00bbdefault\u00a0\u00bb form_field_background_color=\u00a0\u00bb#FFFFFF\u00a0\u00bb form_field_text_color=\u00a0\u00bbrgba(14,16,43,0.3)\u00a0\u00bb border_width_all=\u00a0\u00bb1px\u00a0\u00bb border_color_all=\u00a0\u00bbrgba(14,16,43,0.3)\u00a0\u00bb global_colors_info=\u00a0\u00bb{}\u00a0\u00bb][\/et_pb_contact_field][et_pb_contact_field field_id=\u00a0\u00bbrqth\u00a0\u00bb field_title=\u00a0\u00bbPoss\u00e9dez-vous la reconnaissance de la qualit\u00e9 de travailleur handicap\u00e9 (RQTH), ou pensez-vous \u00eatre en situation de handicap, ou avez-vous besoin de dispositions particuli\u00e8res pour suivre cette formation ?\u00a0\u00bb field_type=\u00a0\u00bbradio\u00a0\u00bb radio_options=\u00a0\u00bb%91{%22value%22:%22Oui%22,%22checked%22:0,%22dragID%22:-1},{%22value%22:%22Non%22,%22checked%22:0,%22dragID%22:0}%93&Prime; fullwidth_field=\u00a0\u00bbon\u00a0\u00bb _builder_version=\u00a0\u00bb4.27.4&Prime; _module_preset=\u00a0\u00bbdefault\u00a0\u00bb form_field_background_color=\u00a0\u00bb#FFFFFF\u00a0\u00bb form_field_text_color=\u00a0\u00bb#0e102b\u00a0\u00bb border_width_all=\u00a0\u00bb1px\u00a0\u00bb border_color_all=\u00a0\u00bbrgba(14,16,43,0.3)\u00a0\u00bb global_colors_info=\u00a0\u00bb{}\u00a0\u00bb][\/et_pb_contact_field][et_pb_contact_field field_id=\u00a0\u00bbrqth-oui\u00a0\u00bb field_title=\u00a0\u00bb(Si oui, expliquez nous comment vous assurez les meilleures conditions de participation)\u2028\u00a0\u00bb field_type=\u00a0\u00bbtext\u00a0\u00bb fullwidth_field=\u00a0\u00bbon\u00a0\u00bb conditional_logic=\u00a0\u00bbon\u00a0\u00bb conditional_logic_rules=\u00a0\u00bb%91{%22field%22:%22rqth%22,%22condition%22:%22is%22,%22value%22:%22Oui%22}%93&Prime; _builder_version=\u00a0\u00bb4.27.4&Prime; _module_preset=\u00a0\u00bbdefault\u00a0\u00bb form_field_background_color=\u00a0\u00bb#FFFFFF\u00a0\u00bb form_field_text_color=\u00a0\u00bbrgba(14,16,43,0.3)\u00a0\u00bb border_width_all=\u00a0\u00bb1px\u00a0\u00bb border_color_all=\u00a0\u00bbrgba(14,16,43,0.3)\u00a0\u00bb global_colors_info=\u00a0\u00bb{}\u00a0\u00bb][\/et_pb_contact_field][et_pb_contact_field field_id=\u00a0\u00bbneed\u00a0\u00bb field_title=\u00a0\u00bbAvez-vous les pr\u00e9requis exig\u00e9s pour participer \u00e0 cette formation et indiqu\u00e9s dans son programme ?\u00a0\u00bb field_type=\u00a0\u00bbradio\u00a0\u00bb radio_options=\u00a0\u00bb%91{%22value%22:%22Oui%22,%22checked%22:0,%22dragID%22:-1},{%22value%22:%22Non%22,%22checked%22:0,%22dragID%22:0}%93&Prime; fullwidth_field=\u00a0\u00bbon\u00a0\u00bb _builder_version=\u00a0\u00bb4.27.4&Prime; _module_preset=\u00a0\u00bbdefault\u00a0\u00bb form_field_background_color=\u00a0\u00bb#FFFFFF\u00a0\u00bb form_field_text_color=\u00a0\u00bb#0e102b\u00a0\u00bb border_width_all=\u00a0\u00bb1px\u00a0\u00bb border_color_all=\u00a0\u00bbrgba(14,16,43,0.3)\u00a0\u00bb global_colors_info=\u00a0\u00bb{}\u00a0\u00bb][\/et_pb_contact_field][et_pb_contact_field field_id=\u00a0\u00bbsiret\u00a0\u00bb field_title=\u00a0\u00bbNum\u00e9ro de SIRET\u00a0\u00bb min_length=\u00a0\u00bb14&Prime; max_length=\u00a0\u00bb14&Prime; allowed_symbols=\u00a0\u00bbnumbers\u00a0\u00bb _builder_version=\u00a0\u00bb4.27.4&Prime; _module_preset=\u00a0\u00bbdefault\u00a0\u00bb form_field_background_color=\u00a0\u00bb#FFFFFF\u00a0\u00bb form_field_text_color=\u00a0\u00bbrgba(14,16,43,0.3)\u00a0\u00bb border_width_all=\u00a0\u00bb1px\u00a0\u00bb border_color_all=\u00a0\u00bbrgba(14,16,43,0.3)\u00a0\u00bb global_colors_info=\u00a0\u00bb{}\u00a0\u00bb][\/et_pb_contact_field][et_pb_contact_field field_id=\u00a0\u00bbrs\u00a0\u00bb field_title=\u00a0\u00bbRaison social de facturation\u00a0\u00bb allowed_symbols=\u00a0\u00bbalphanumeric\u00a0\u00bb fullwidth_field=\u00a0\u00bbon\u00a0\u00bb _builder_version=\u00a0\u00bb4.27.4&Prime; _module_preset=\u00a0\u00bbdefault\u00a0\u00bb form_field_background_color=\u00a0\u00bb#FFFFFF\u00a0\u00bb form_field_text_color=\u00a0\u00bbrgba(14,16,43,0.3)\u00a0\u00bb border_width_all=\u00a0\u00bb1px\u00a0\u00bb border_color_all=\u00a0\u00bbrgba(14,16,43,0.3)\u00a0\u00bb global_colors_info=\u00a0\u00bb{}\u00a0\u00bb][\/et_pb_contact_field][et_pb_contact_field field_id=\u00a0\u00bbadresse\u00a0\u00bb field_title=\u00a0\u00bbAdresse de facturation\u00a0\u00bb allowed_symbols=\u00a0\u00bbalphanumeric\u00a0\u00bb fullwidth_field=\u00a0\u00bbon\u00a0\u00bb _builder_version=\u00a0\u00bb4.27.4&Prime; _module_preset=\u00a0\u00bbdefault\u00a0\u00bb form_field_background_color=\u00a0\u00bb#FFFFFF\u00a0\u00bb form_field_text_color=\u00a0\u00bbrgba(14,16,43,0.3)\u00a0\u00bb border_width_all=\u00a0\u00bb1px\u00a0\u00bb border_color_all=\u00a0\u00bbrgba(14,16,43,0.3)\u00a0\u00bb global_colors_info=\u00a0\u00bb{}\u00a0\u00bb][\/et_pb_contact_field][et_pb_contact_field field_id=\u00a0\u00bbnom-responsable\u00a0\u00bb field_title=\u00a0\u00bbNom du responsable\u00a0\u00bb allowed_symbols=\u00a0\u00bbletters\u00a0\u00bb _builder_version=\u00a0\u00bb4.27.4&Prime; _module_preset=\u00a0\u00bbdefault\u00a0\u00bb form_field_background_color=\u00a0\u00bb#FFFFFF\u00a0\u00bb form_field_text_color=\u00a0\u00bbrgba(14,16,43,0.3)\u00a0\u00bb border_width_all=\u00a0\u00bb1px\u00a0\u00bb border_color_all=\u00a0\u00bbrgba(14,16,43,0.3)\u00a0\u00bb global_colors_info=\u00a0\u00bb{}\u00a0\u00bb][\/et_pb_contact_field][et_pb_contact_field field_id=\u00a0\u00bbprenom-responsable\u00a0\u00bb field_title=\u00a0\u00bbPr\u00e9nom du responsable\u00a0\u00bb allowed_symbols=\u00a0\u00bbletters\u00a0\u00bb _builder_version=\u00a0\u00bb4.27.4&Prime; _module_preset=\u00a0\u00bbdefault\u00a0\u00bb form_field_background_color=\u00a0\u00bb#FFFFFF\u00a0\u00bb form_field_text_color=\u00a0\u00bbrgba(14,16,43,0.3)\u00a0\u00bb border_width_all=\u00a0\u00bb1px\u00a0\u00bb border_color_all=\u00a0\u00bbrgba(14,16,43,0.3)\u00a0\u00bb global_colors_info=\u00a0\u00bb{}\u00a0\u00bb][\/et_pb_contact_field][et_pb_contact_field field_id=\u00a0\u00bbemail-responsable\u00a0\u00bb field_title=\u00a0\u00bbEmail du responsable\u00a0\u00bb field_type=\u00a0\u00bbemail\u00a0\u00bb _builder_version=\u00a0\u00bb4.27.4&Prime; _module_preset=\u00a0\u00bbdefault\u00a0\u00bb form_field_background_color=\u00a0\u00bb#FFFFFF\u00a0\u00bb form_field_text_color=\u00a0\u00bbrgba(14,16,43,0.3)\u00a0\u00bb border_width_all=\u00a0\u00bb1px\u00a0\u00bb border_color_all=\u00a0\u00bbrgba(14,16,43,0.3)\u00a0\u00bb global_colors_info=\u00a0\u00bb{}\u00a0\u00bb][\/et_pb_contact_field][et_pb_contact_field field_id=\u00a0\u00bbtel-responsable\u00a0\u00bb field_title=\u00a0\u00bbT\u00e9l\u00e9phone du responsable\u00a0\u00bb min_length=\u00a0\u00bb10&Prime; max_length=\u00a0\u00bb10&Prime; allowed_symbols=\u00a0\u00bbnumbers\u00a0\u00bb _builder_version=\u00a0\u00bb4.27.4&Prime; _module_preset=\u00a0\u00bbdefault\u00a0\u00bb form_field_background_color=\u00a0\u00bb#FFFFFF\u00a0\u00bb form_field_text_color=\u00a0\u00bbrgba(14,16,43,0.3)\u00a0\u00bb border_width_all=\u00a0\u00bb1px\u00a0\u00bb border_color_all=\u00a0\u00bbrgba(14,16,43,0.3)\u00a0\u00bb global_colors_info=\u00a0\u00bb{}\u00a0\u00bb][\/et_pb_contact_field][et_pb_contact_field field_id=\u00a0\u00bbresponsable-opt-in\u00a0\u00bb field_title=\u00a0\u00bb \u00a0\u00bb field_type=\u00a0\u00bbradio\u00a0\u00bb radio_options=\u00a0\u00bb%91{%22value%22:%22Je d\u00e9clare avoir pr\u00e9venu mon employeur de mon inscription en formation.%22,%22checked%22:0,%22dragID%22:-1}%93&Prime; fullwidth_field=\u00a0\u00bbon\u00a0\u00bb _builder_version=\u00a0\u00bb4.27.4&Prime; _module_preset=\u00a0\u00bbdefault\u00a0\u00bb form_field_background_color=\u00a0\u00bb#FFFFFF\u00a0\u00bb form_field_text_color=\u00a0\u00bb#0e102b\u00a0\u00bb border_width_all=\u00a0\u00bb1px\u00a0\u00bb border_color_all=\u00a0\u00bbrgba(14,16,43,0.3)\u00a0\u00bb global_colors_info=\u00a0\u00bb{}\u00a0\u00bb][\/et_pb_contact_field][et_pb_contact_field field_id=\u00a0\u00bbrgpd\u00a0\u00bb field_title=\u00a0\u00bb \u00a0\u00bb field_type=\u00a0\u00bbradio\u00a0\u00bb radio_options=\u00a0\u00bb%91{%22value%22:%22En cochant cette case, j&rsquo;accepte le traitement et l&rsquo;enregistrement de mes donn\u00e9es personnelles ainsi que celles de mon repr\u00e9sentant hi\u00e9rarchique ; conform\u00e9ment \u00e0 la %22,%22checked%22:0,%22dragID%22:-1,%22link_url%22:%22\/politique-de-confidentialite\/%22,%22link_text%22:%22politique de confidentialit\u00e9 du Centre de formation%22}%93&Prime; fullwidth_field=\u00a0\u00bbon\u00a0\u00bb _builder_version=\u00a0\u00bb4.27.4&Prime; _module_preset=\u00a0\u00bbdefault\u00a0\u00bb form_field_background_color=\u00a0\u00bb#FFFFFF\u00a0\u00bb form_field_text_color=\u00a0\u00bb#0e102b\u00a0\u00bb form_field_font_size=\u00a0\u00bb12px\u00a0\u00bb form_field_line_height=\u00a0\u00bb16px\u00a0\u00bb border_width_all=\u00a0\u00bb1px\u00a0\u00bb border_color_all=\u00a0\u00bbrgba(14,16,43,0.3)\u00a0\u00bb global_colors_info=\u00a0\u00bb{}\u00a0\u00bb][\/et_pb_contact_field][\/et_pb_contact_form][\/et_pb_column][\/et_pb_row][\/et_pb_section]<\/p>\n","protected":false},"excerpt":{"rendered":"<p>\u2190 Retour au catalogueAccompagner le public LGBTQI+En pr\u00e9sentiel5,6 juin.2025En pr\u00e9sentiel6,7 nov.2025Dur\u00e9e2\u00a0jours \/ 14hCo\u00fbt480\u00a0\u20acEn pr\u00e9sentiel5,6\u00a0mai.2025En pr\u00e9sentiel8,9\u00a0sept.2025\u00c0 distance1,2 d\u00e9c.2025Dur\u00e9e2 \u00a0jours \/ 14hCo\u00fbt480\u00a0\u20acEN PR\u00c9SENTIEL 5\u00b76 MAI \/ 8\u00b79 SEPT. \u00c0 DISTANCE 1\u00b72 D\u00c9C.2 jours \/ 14h480 \u20acObjectifsAdopter une posture d\u2019accueil inform\u00e9e des enjeux li\u00e9s \u00e0 l\u2019orientation sexuelle ou l\u2019identit\u00e9 de genre \u2022 Mobiliser les crit\u00e8res l\u00e9gaux et les [&hellip;]<\/p>\n","protected":false},"author":3,"featured_media":0,"parent":4711,"menu_order":0,"comment_status":"closed","ping_status":"closed","template":"","meta":{"_et_pb_use_builder":"on","_et_pb_old_content":"","_et_gb_content_width":"","_uag_custom_page_level_css":"","_monsterinsights_skip_tracking":false,"_monsterinsights_sitenote_active":false,"_monsterinsights_sitenote_note":"","_monsterinsights_sitenote_category":0,"footnotes":""},"class_list":["post-5333","page","type-page","status-publish","hentry"],"yoast_head":"<!-- This site is optimized with the Yoast SEO plugin v27.4 - https:\/\/yoast.com\/product\/yoast-seo-wordpress\/ -->\n<title>Accompagner le public LGBTQI+ - Centre de formation France terre d&#039;asile<\/title>\n<meta name=\"robots\" content=\"index, follow, max-snippet:-1, max-image-preview:large, max-video-preview:-1\" \/>\n<link rel=\"canonical\" href=\"https:\/\/formation.france-terre-asile.org\/accueil-2\/nos-formations\/accompagner-le-public-lgbtqi\/\" \/>\n<meta property=\"og:locale\" content=\"fr_FR\" \/>\n<meta property=\"og:type\" content=\"article\" \/>\n<meta property=\"og:title\" content=\"Accompagner le public LGBTQI+ - Centre de formation France terre d&#039;asile\" \/>\n<meta property=\"og:description\" content=\"\u2190 Retour au catalogueAccompagner le public LGBTQI+En pr\u00e9sentiel5,6 juin.2025En pr\u00e9sentiel6,7 nov.2025Dur\u00e9e2\u00a0jours \/ 14hCo\u00fbt480\u00a0\u20acEn pr\u00e9sentiel5,6\u00a0mai.2025En pr\u00e9sentiel8,9\u00a0sept.2025\u00c0 distance1,2 d\u00e9c.2025Dur\u00e9e2 \u00a0jours \/ 14hCo\u00fbt480\u00a0\u20acEN PR\u00c9SENTIEL 5\u00b76 MAI \/ 8\u00b79 SEPT. \u00c0 DISTANCE 1\u00b72 D\u00c9C.2 jours \/ 14h480 \u20acObjectifsAdopter une posture d\u2019accueil inform\u00e9e des enjeux li\u00e9s \u00e0 l\u2019orientation sexuelle ou l\u2019identit\u00e9 de genre \u2022 Mobiliser les crit\u00e8res l\u00e9gaux et les [&hellip;]\" \/>\n<meta property=\"og:url\" content=\"https:\/\/formation.france-terre-asile.org\/accueil-2\/nos-formations\/accompagner-le-public-lgbtqi\/\" \/>\n<meta property=\"og:site_name\" content=\"Centre de formation France terre d&#039;asile\" \/>\n<meta property=\"article:modified_time\" content=\"2025-02-25T01:07:22+00:00\" \/>\n<meta name=\"twitter:card\" content=\"summary_large_image\" \/>\n<meta name=\"twitter:label1\" content=\"Dur\u00e9e de lecture estim\u00e9e\" \/>\n\t<meta name=\"twitter:data1\" content=\"4 minutes\" \/>\n<script type=\"application\/ld+json\" class=\"yoast-schema-graph\">{\"@context\":\"https:\\\/\\\/schema.org\",\"@graph\":[{\"@type\":\"WebPage\",\"@id\":\"https:\\\/\\\/formation.france-terre-asile.org\\\/accueil-2\\\/nos-formations\\\/accompagner-le-public-lgbtqi\\\/\",\"url\":\"https:\\\/\\\/formation.france-terre-asile.org\\\/accueil-2\\\/nos-formations\\\/accompagner-le-public-lgbtqi\\\/\",\"name\":\"Accompagner le public LGBTQI+ - Centre de formation France terre d&#039;asile\",\"isPartOf\":{\"@id\":\"https:\\\/\\\/formation.france-terre-asile.org\\\/accueil-2\\\/#website\"},\"datePublished\":\"2025-02-13T00:55:27+00:00\",\"dateModified\":\"2025-02-25T01:07:22+00:00\",\"breadcrumb\":{\"@id\":\"https:\\\/\\\/formation.france-terre-asile.org\\\/accueil-2\\\/nos-formations\\\/accompagner-le-public-lgbtqi\\\/#breadcrumb\"},\"inLanguage\":\"fr-FR\",\"potentialAction\":[{\"@type\":\"ReadAction\",\"target\":[\"https:\\\/\\\/formation.france-terre-asile.org\\\/accueil-2\\\/nos-formations\\\/accompagner-le-public-lgbtqi\\\/\"]}]},{\"@type\":\"BreadcrumbList\",\"@id\":\"https:\\\/\\\/formation.france-terre-asile.org\\\/accueil-2\\\/nos-formations\\\/accompagner-le-public-lgbtqi\\\/#breadcrumb\",\"itemListElement\":[{\"@type\":\"ListItem\",\"position\":1,\"name\":\"Accueil\",\"item\":\"https:\\\/\\\/formation.france-terre-asile.org\\\/accueil-2\\\/\"},{\"@type\":\"ListItem\",\"position\":2,\"name\":\"Nos Formations\",\"item\":\"https:\\\/\\\/formation.france-terre-asile.org\\\/accueil-2\\\/nos-formations\\\/\"},{\"@type\":\"ListItem\",\"position\":3,\"name\":\"Accompagner le public LGBTQI+\"}]},{\"@type\":\"WebSite\",\"@id\":\"https:\\\/\\\/formation.france-terre-asile.org\\\/accueil-2\\\/#website\",\"url\":\"https:\\\/\\\/formation.france-terre-asile.org\\\/accueil-2\\\/\",\"name\":\"Centre de formation France terre d&#039;asile\",\"description\":\"\",\"publisher\":{\"@id\":\"https:\\\/\\\/formation.france-terre-asile.org\\\/accueil-2\\\/#organization\"},\"potentialAction\":[{\"@type\":\"SearchAction\",\"target\":{\"@type\":\"EntryPoint\",\"urlTemplate\":\"https:\\\/\\\/formation.france-terre-asile.org\\\/accueil-2\\\/?s={search_term_string}\"},\"query-input\":{\"@type\":\"PropertyValueSpecification\",\"valueRequired\":true,\"valueName\":\"search_term_string\"}}],\"inLanguage\":\"fr-FR\"},{\"@type\":\"Organization\",\"@id\":\"https:\\\/\\\/formation.france-terre-asile.org\\\/accueil-2\\\/#organization\",\"name\":\"Centre de formation France Terre d'Asile\",\"url\":\"https:\\\/\\\/formation.france-terre-asile.org\\\/accueil-2\\\/\",\"logo\":{\"@type\":\"ImageObject\",\"inLanguage\":\"fr-FR\",\"@id\":\"https:\\\/\\\/formation.france-terre-asile.org\\\/accueil-2\\\/#\\\/schema\\\/logo\\\/image\\\/\",\"url\":\"https:\\\/\\\/formation.france-terre-asile.org\\\/wp-content\\\/uploads\\\/2021\\\/03\\\/logo-50ans.png\",\"contentUrl\":\"https:\\\/\\\/formation.france-terre-asile.org\\\/wp-content\\\/uploads\\\/2021\\\/03\\\/logo-50ans.png\",\"width\":198,\"height\":114,\"caption\":\"Centre de formation France Terre d'Asile\"},\"image\":{\"@id\":\"https:\\\/\\\/formation.france-terre-asile.org\\\/accueil-2\\\/#\\\/schema\\\/logo\\\/image\\\/\"}}]}<\/script>\n<!-- \/ Yoast SEO plugin. -->","yoast_head_json":{"title":"Accompagner le public LGBTQI+ - Centre de formation France terre d&#039;asile","robots":{"index":"index","follow":"follow","max-snippet":"max-snippet:-1","max-image-preview":"max-image-preview:large","max-video-preview":"max-video-preview:-1"},"canonical":"https:\/\/formation.france-terre-asile.org\/accueil-2\/nos-formations\/accompagner-le-public-lgbtqi\/","og_locale":"fr_FR","og_type":"article","og_title":"Accompagner le public LGBTQI+ - Centre de formation France terre d&#039;asile","og_description":"\u2190 Retour au catalogueAccompagner le public LGBTQI+En pr\u00e9sentiel5,6 juin.2025En pr\u00e9sentiel6,7 nov.2025Dur\u00e9e2\u00a0jours \/ 14hCo\u00fbt480\u00a0\u20acEn pr\u00e9sentiel5,6\u00a0mai.2025En pr\u00e9sentiel8,9\u00a0sept.2025\u00c0 distance1,2 d\u00e9c.2025Dur\u00e9e2 \u00a0jours \/ 14hCo\u00fbt480\u00a0\u20acEN PR\u00c9SENTIEL 5\u00b76 MAI \/ 8\u00b79 SEPT. \u00c0 DISTANCE 1\u00b72 D\u00c9C.2 jours \/ 14h480 \u20acObjectifsAdopter une posture d\u2019accueil inform\u00e9e des enjeux li\u00e9s \u00e0 l\u2019orientation sexuelle ou l\u2019identit\u00e9 de genre \u2022 Mobiliser les crit\u00e8res l\u00e9gaux et les [&hellip;]","og_url":"https:\/\/formation.france-terre-asile.org\/accueil-2\/nos-formations\/accompagner-le-public-lgbtqi\/","og_site_name":"Centre de formation France terre d&#039;asile","article_modified_time":"2025-02-25T01:07:22+00:00","twitter_card":"summary_large_image","twitter_misc":{"Dur\u00e9e de lecture estim\u00e9e":"4 minutes"},"schema":{"@context":"https:\/\/schema.org","@graph":[{"@type":"WebPage","@id":"https:\/\/formation.france-terre-asile.org\/accueil-2\/nos-formations\/accompagner-le-public-lgbtqi\/","url":"https:\/\/formation.france-terre-asile.org\/accueil-2\/nos-formations\/accompagner-le-public-lgbtqi\/","name":"Accompagner le public LGBTQI+ - Centre de formation France terre d&#039;asile","isPartOf":{"@id":"https:\/\/formation.france-terre-asile.org\/accueil-2\/#website"},"datePublished":"2025-02-13T00:55:27+00:00","dateModified":"2025-02-25T01:07:22+00:00","breadcrumb":{"@id":"https:\/\/formation.france-terre-asile.org\/accueil-2\/nos-formations\/accompagner-le-public-lgbtqi\/#breadcrumb"},"inLanguage":"fr-FR","potentialAction":[{"@type":"ReadAction","target":["https:\/\/formation.france-terre-asile.org\/accueil-2\/nos-formations\/accompagner-le-public-lgbtqi\/"]}]},{"@type":"BreadcrumbList","@id":"https:\/\/formation.france-terre-asile.org\/accueil-2\/nos-formations\/accompagner-le-public-lgbtqi\/#breadcrumb","itemListElement":[{"@type":"ListItem","position":1,"name":"Accueil","item":"https:\/\/formation.france-terre-asile.org\/accueil-2\/"},{"@type":"ListItem","position":2,"name":"Nos Formations","item":"https:\/\/formation.france-terre-asile.org\/accueil-2\/nos-formations\/"},{"@type":"ListItem","position":3,"name":"Accompagner le public LGBTQI+"}]},{"@type":"WebSite","@id":"https:\/\/formation.france-terre-asile.org\/accueil-2\/#website","url":"https:\/\/formation.france-terre-asile.org\/accueil-2\/","name":"Centre de formation France terre d&#039;asile","description":"","publisher":{"@id":"https:\/\/formation.france-terre-asile.org\/accueil-2\/#organization"},"potentialAction":[{"@type":"SearchAction","target":{"@type":"EntryPoint","urlTemplate":"https:\/\/formation.france-terre-asile.org\/accueil-2\/?s={search_term_string}"},"query-input":{"@type":"PropertyValueSpecification","valueRequired":true,"valueName":"search_term_string"}}],"inLanguage":"fr-FR"},{"@type":"Organization","@id":"https:\/\/formation.france-terre-asile.org\/accueil-2\/#organization","name":"Centre de formation France Terre d'Asile","url":"https:\/\/formation.france-terre-asile.org\/accueil-2\/","logo":{"@type":"ImageObject","inLanguage":"fr-FR","@id":"https:\/\/formation.france-terre-asile.org\/accueil-2\/#\/schema\/logo\/image\/","url":"https:\/\/formation.france-terre-asile.org\/wp-content\/uploads\/2021\/03\/logo-50ans.png","contentUrl":"https:\/\/formation.france-terre-asile.org\/wp-content\/uploads\/2021\/03\/logo-50ans.png","width":198,"height":114,"caption":"Centre de formation France Terre d'Asile"},"image":{"@id":"https:\/\/formation.france-terre-asile.org\/accueil-2\/#\/schema\/logo\/image\/"}}]}},"uagb_featured_image_src":{"full":false,"thumbnail":false,"medium":false,"medium_large":false,"large":false,"1536x1536":false,"2048x2048":false,"et-pb-post-main-image":false,"et-pb-post-main-image-fullwidth":false,"et-pb-portfolio-image":false,"et-pb-portfolio-module-image":false,"et-pb-portfolio-image-single":false,"et-pb-gallery-module-image-portrait":false,"et-pb-post-main-image-fullwidth-large":false,"et-pb-image--responsive--desktop":false,"et-pb-image--responsive--tablet":false,"et-pb-image--responsive--phone":false},"uagb_author_info":{"display_name":"Arnold Larochelle","author_link":"https:\/\/formation.france-terre-asile.org\/accueil-2\/author\/formationcf\/"},"uagb_comment_info":0,"uagb_excerpt":"\u2190 Retour au catalogueAccompagner le public LGBTQI+En pr\u00e9sentiel5,6 juin.2025En pr\u00e9sentiel6,7 nov.2025Dur\u00e9e2\u00a0jours \/ 14hCo\u00fbt480\u00a0\u20acEn pr\u00e9sentiel5,6\u00a0mai.2025En pr\u00e9sentiel8,9\u00a0sept.2025\u00c0 distance1,2 d\u00e9c.2025Dur\u00e9e2 \u00a0jours \/ 14hCo\u00fbt480\u00a0\u20acEN PR\u00c9SENTIEL 5\u00b76 MAI \/ 8\u00b79 SEPT. \u00c0 DISTANCE 1\u00b72 D\u00c9C.2 jours \/ 14h480 \u20acObjectifsAdopter une posture d\u2019accueil inform\u00e9e des enjeux li\u00e9s \u00e0 l\u2019orientation sexuelle ou l\u2019identit\u00e9 de genre \u2022 Mobiliser les crit\u00e8res l\u00e9gaux et les\u2026","_links":{"self":[{"href":"https:\/\/formation.france-terre-asile.org\/accueil-2\/wp-json\/wp\/v2\/pages\/5333","targetHints":{"allow":["GET"]}}],"collection":[{"href":"https:\/\/formation.france-terre-asile.org\/accueil-2\/wp-json\/wp\/v2\/pages"}],"about":[{"href":"https:\/\/formation.france-terre-asile.org\/accueil-2\/wp-json\/wp\/v2\/types\/page"}],"author":[{"embeddable":true,"href":"https:\/\/formation.france-terre-asile.org\/accueil-2\/wp-json\/wp\/v2\/users\/3"}],"replies":[{"embeddable":true,"href":"https:\/\/formation.france-terre-asile.org\/accueil-2\/wp-json\/wp\/v2\/comments?post=5333"}],"version-history":[{"count":3,"href":"https:\/\/formation.france-terre-asile.org\/accueil-2\/wp-json\/wp\/v2\/pages\/5333\/revisions"}],"predecessor-version":[{"id":6039,"href":"https:\/\/formation.france-terre-asile.org\/accueil-2\/wp-json\/wp\/v2\/pages\/5333\/revisions\/6039"}],"up":[{"embeddable":true,"href":"https:\/\/formation.france-terre-asile.org\/accueil-2\/wp-json\/wp\/v2\/pages\/4711"}],"wp:attachment":[{"href":"https:\/\/formation.france-terre-asile.org\/accueil-2\/wp-json\/wp\/v2\/media?parent=5333"}],"curies":[{"name":"wp","href":"https:\/\/api.w.org\/{rel}","templated":true}]}}